{"id":498,"date":"2012-12-06T16:31:10","date_gmt":"2012-12-06T16:31:10","guid":{"rendered":"https:\/\/www.verkaufspferde.cz\/?page_id=498"},"modified":"2023-12-28T13:36:07","modified_gmt":"2023-12-28T12:36:07","slug":"o-nas","status":"publish","type":"page","link":"https:\/\/www.verkaufspferde.cz\/cs\/o-nas\/","title":{"rendered":"O n\u00e1s"},"content":{"rendered":"<p><b>Hled\u00e1te kon\u011b?<\/b><\/p>\n<p>Pravd\u011bpodobn\u011b jste, stejn\u011b jako j\u00e1 p\u0159ed lety, hodiny a hodiny listovali internetovou inzerc\u00ed a str\u00e1vili stovky kilometr\u016f na cest\u00e1ch po vlastech \u010desk\u00fdch, abyste zjistili, \u017ee realita ne v\u017edycky odpov\u00edd\u00e1 tomu, co V\u00e1m prod\u00e1vaj\u00edc\u00ed naslibuje po telefonu nebo p\u00ed\u0161e v inzer\u00e1tu\u2026<br \/>\nA nebo jste m\u011bli \u0161t\u011bst\u00ed a na\u0161li kon\u011b, kter\u00fd odpov\u00eddal jak Va\u0161im p\u0159edstav\u00e1m, tak stavu Va\u0161eho konta. Prod\u00e1vaj\u00edc\u00ed V\u00e1s ujistil, \u017ee je k\u016f\u0148 naprosto zdr\u00e1v a tak jste si pl\u00e1cli, kon\u011b odvezli dom\u016f a t\u011b\u0161ili se na chv\u00edle str\u00e1ven\u00e9 v sedle. Jen\u017ee kon\u00ed\u010dek, na kter\u00e9ho padly v\u0161echny Va\u0161e \u00faspory, za\u010dal po p\u00e1r t\u00fddnech nebo m\u011bs\u00edc\u00edch pravideln\u00e9ho tr\u00e9ninku kulhat a Vy jste p\u0159i\u0161li na to, \u017ee jeho skute\u010dn\u00fd zdravotn\u00ed stav ho p\u0159edur\u010duje sp\u00ed\u0161 k proch\u00e1zk\u00e1m do lesa ne\u017e k pl\u00e1novan\u00e9 sportovn\u00ed kari\u00e9\u0159e.<\/p>\n<p><b>Ale jde to i jinak !<\/b><\/p>\n<p>V\u0161echny kon\u011b, kter\u00e9 najdete v m\u00e9 nab\u00eddce, zn\u00e1m osobn\u011b. V\u0161echny jsem pro V\u00e1s osobn\u011b nav\u0161t\u00edvila, nato\u010dila, prov\u011b\u0159ila a v\u011bt\u0161inu z nich i vyzkou\u0161ela pod sedlem. Zn\u00e1m jejich kari\u00e9ru, jejich historii \u2013 abych V\u00e1s, potenci\u00e1ln\u00ed z\u00e1jemce, mohla co nejp\u0159esn\u011bji a otev\u0159en\u011b informovat o jezditelnosti, charakteru a schopnostech kon\u011b. Nebojte se zeptat, jestli je pro V\u00e1s ten kter\u00fd k\u016f\u0148 vhodn\u00fd nebo ne.<\/p>\n<p>A\u010dkoli to u v\u011bt\u0161iny dr\u017eitel\u016f kon\u00ed a r\u00e1doby profesion\u00e1ln\u00edch prodejc\u016f bohu\u017eel st\u00e1le nen\u00ed samoz\u0159ejm\u00e9, j\u00e1 pova\u017euji za nevhodn\u00e9, aby to byl z\u00e1jemce, kdo mus\u00ed na sv\u00e9 n\u00e1klady dokazovat prod\u00e1vaj\u00edc\u00edmu, zda je nab\u00edzen\u00fd k\u016f\u0148 zdr\u00e1v neb ne.<br \/>\nI j\u00e1 chci p\u0159edem v\u011bd\u011bt, jak\u00fd je zdravotn\u00ed stav kon\u00ed, kter\u00e9 sv\u00fdm klient\u016fm nab\u00edz\u00edm, a proto striktn\u011b trv\u00e1m na tom, aby byli veterin\u00e1rn\u00edmu vy\u0161et\u0159en\u00ed je\u0161t\u011b p\u0159edt\u00edm, ne\u017e je do nab\u00eddky za\u0159ad\u00edm.<\/p>\n<p>V\u0161ichni kon\u011b, kter\u00e9 najdete v m\u00e9 nab\u00eddce \u2013 bez ohledu na jejich cenu \u2013 byli podrobeni z\u00e1kladn\u00edmu rentgenologick\u00e9mu vy\u0161et\u0159en\u00ed. Pokud po\u017eadujete jak\u00e9koli aktu\u00e1ln\u00ed, dopl\u0148uj\u00edc\u00ed nebo specializovan\u00e9 vy\u0161et\u0159en\u00ed, nebo pokud si chcete k veterin\u00e1rn\u00ed prohl\u00eddce p\u0159izvat sv\u00e9ho veterin\u00e1\u0159e, rozhodn\u011b se tomu nebr\u00e1n\u00edm.<\/p>\n<p>Pokud m\u00e1te z\u00e1jem o koupi kon\u011b, kontaktujte m\u011b (ide\u00e1ln\u011b e-mailem) a popi\u0161te, jak\u00e1 je Va\u0161e p\u0159edstava. Hled\u00e1te perspektivn\u00edho mlad\u00e9ho kon\u011b do vy\u0161\u0161\u00edho sportu nebo zku\u0161en\u00e9ho a spolehliv\u00e9ho u\u010ditele pro za\u010d\u00ednaj\u00edc\u00edho jezdce nebo amat\u00e9ra? V jak\u00e9 cenov\u00e9 relaci hled\u00e1te? Obratem V\u00e1m po\u0161lu nab\u00eddku kon\u00ed odpov\u00eddaj\u00edc\u00edch Va\u0161im po\u017eadavk\u016fm a pokud V\u00e1s n\u011bkter\u00fd z nich oslov\u00ed, domluv\u00edme se na term\u00ednu zkou\u0161en\u00ed.<\/p>\n<p>Nena\u0161li jste v m\u00e9 nab\u00eddce \u017e\u00e1dn\u00e9ho kon\u011b, kter\u00fd by V\u00e1s oslovil? Napi\u0161te mi nebo zavolejte. Mo\u017en\u00e1 m\u00e1m je\u0161t\u011b n\u011bjak\u00e9 nov\u00e9 kon\u011b, kte\u0159\u00ed zat\u00edm nejsou ofici\u00e1ln\u011b v inzerci.<span class=\"Apple-converted-space\">\u00a0<\/span><\/p>\n<p>Pokud hled\u00e1te n\u011bco konkr\u00e9tn\u00edho &#8211; nap\u0159\u00edklad kon\u011b pro juniora se zku\u0161enostmi z vy\u0161\u0161\u00edch sout\u011b\u017e\u00ed s ambic\u00ed do mezin\u00e1rodn\u00edho sportu &#8211; ozv\u011bte se. D\u00edky sv\u00fdm rozs\u00e1hl\u00fdm kontakt\u016fm jsem schopn\u00e1 V\u00e1m pomoci takov\u00e9ho kon\u011b naj\u00edt i v zahrani\u010d\u00ed.<\/p>\n<p><b>Chcete prodat sv\u00e9ho kon\u011b?<\/b><\/p>\n<p>Nem\u00e1te chu\u0165 tr\u00e1vit hodiny u po\u010d\u00edta\u010de zad\u00e1v\u00e1n\u00edm inzer\u00e1t\u016f a komunikac\u00ed s potenci\u00e1ln\u00edmi z\u00e1jemci? Nem\u00e1te \u010das nebo podm\u00ednky kon\u011b na prodej adekv\u00e1tn\u011b p\u0159ipravit a po\u0159\u00eddit kvalitn\u00ed fotografie a videa pro dokonalou prezentaci? I s t\u00edm V\u00e1m m\u016f\u017eu pomoci.<br \/>\nVa\u0161eho kon\u011b m\u016f\u017eu nab\u00edzet p\u0159\u00edmo od V\u00e1s ze st\u00e1je nebo poskytnout kompletn\u00ed servis v n\u011bkter\u00e9 z m\u00fdch partnersk\u00fdch st\u00e1j\u00ed.<\/p>\n<p>Prodejem kon\u00ed se zab\u00fdv\u00e1m u\u017e 20 let a za tu dobou se mi poda\u0159ilo vybudovat s\u00ed\u0165 st\u00e1l\u00fdch klient\u016f z nejen z Evropy, ale USA, Kanady a dal\u0161\u00edch zem\u00ed v z\u00e1mo\u0159\u00ed, a t\u011b\u0161\u00ed m\u011b, \u017ee ka\u017edoro\u010dn\u011b p\u0159ib\u00fdvaj\u00ed z\u00e1kazn\u00edci nov\u00ed.<\/p>\n<p><b>A jak to cel\u00e9 funguje?<\/b><\/p>\n<p>Po \u00favodn\u00edm telefon\u00e1tu se domluv\u00edme na term\u00ednu m\u00e9 n\u00e1v\u0161t\u011bvy u V\u00e1s. Ne\u017e kon\u011b za\u0159ad\u00edm do nab\u00eddky, chci ho v\u017edy vid\u011bt nejprve na\u017eivo &#8211; ud\u011bl\u00e1m si n\u011bjakou z\u00e1kladn\u00ed p\u0159edstavu o charakteru a jezditelnosti, po\u0159\u00edd\u00edme fotografie a videa nezbytn\u00e1 pro dobrou prezentaci. Proto pot\u0159ebuji, abyste mi kon\u011b p\u0159i m\u00e9 prvn\u00ed n\u00e1v\u0161t\u011bv\u011b u V\u00e1s p\u0159edvedli tak, jako by byl prezentov\u00e1n potenci\u00e1ln\u00edmu z\u00e1jemci.<\/p>\n<p>Pokud m\u00e1te n\u011bjak\u00e9 materi\u00e1ly ze z\u00e1vod\u016f i tr\u00e9nink\u016f, r\u00e1da je tak\u00e9 pou\u017eiji. Je\u0161t\u011b p\u0159ed mou n\u00e1v\u0161t\u011bvou u V\u00e1s bych r\u00e1da vid\u011bla alespo\u0148 z\u00e1kladn\u00ed sadu RTG-sn\u00edmk\u016f Va\u0161eho kon\u011b, ne star\u0161\u00ed ne\u017e 1 rok.<span class=\"Apple-converted-space\">\u00a0<\/span><\/p>\n<p>Pak kon\u011b za\u0159ad\u00edm do nab\u00eddky a nab\u00edz\u00edm nejen na sv\u00e9m webu, ale p\u0159edev\u0161\u00edm na nejr\u016fzn\u011bj\u0161\u00edch presti\u017en\u00edch inzertn\u00edch serverech po cel\u00e9m sv\u011bt\u011b.<span class=\"Apple-converted-space\">\u00a0<\/span><\/p>\n<p>P\u0159\u00edpadn\u00e9 z\u00e1jemce doprovod\u00edm a\u017e k V\u00e1m do st\u00e1je, kde cel\u00e9 jedn\u00e1n\u00ed o prodeji tlumo\u010d\u00edm, v p\u0159\u00edpad\u011b realizace prodeje zajist\u00edm i kupn\u00ed smlouvu nebo transport kon\u011b. Spousta m\u00fdch klient\u016f (zejm\u00e9na ze z\u00e1mo\u0159\u00ed) kupuje kon\u011b pouze na z\u00e1klad\u011b videa a m\u00e9ho doporu\u010den\u00ed. O\u010dek\u00e1v\u00e1m i od V\u00e1s, \u017ee m\u011b o p\u0159\u00edpadn\u00fdch vad\u00e1ch nebo zlozvyc\u00edch Va\u0161eho kon\u011b budete otev\u0159en\u011b informovat.<\/p>\n<p>Pokud nem\u00e1te mo\u017enost kon\u011b na prodej p\u0159ipravit nebo ho dob\u0159e prezentovat (nem\u00e1te z\u00e1zem\u00ed, jezdce, halu\u2026), mohu V\u00e1m doporu\u010dit i dojednat v\u00fdcvik kon\u011b v jedn\u00e9 ze st\u00e1j\u00ed, se kter\u00fdmi aktivn\u011b spolupracuji a kde se o p\u0159\u00edpravu a prezentaci Va\u0161eho kon\u011b postaraj\u00ed \u0161pi\u010dkov\u00ed jezdci se zku\u0161enostmi na nejvy\u0161\u0161\u00ed \u00farovni (parkur, drezura). V p\u0159\u00edpad\u011b pot\u0159eby obstar\u00e1me v\u0161echno ostatn\u00ed \u2013 foto a videomateri\u00e1l, veterin\u00e1rn\u00ed vy\u0161et\u0159en\u00ed, prezentaci kon\u011b na z\u00e1vodech \u2013 dle dohody.<br \/>\nZa svou pr\u00e1ci p\u0159i uskute\u010dn\u011bn\u00e9m prodeji si \u00fa\u010dtuji provizi, kter\u00e1 je stanovena dohodou a je obvykle ve v\u00fd\u0161i 10-20% a je p\u0159ipo\u010d\u00edt\u00e1v\u00e1na k cen\u011b po\u017eadovan\u00e9 V\u00e1mi jakou prod\u00e1vaj\u00edc\u00edm.<\/p>\n<p>M\u00e1te-li jak\u00e9koli ot\u00e1zky, na kter\u00e9 jste tu nena\u0161li odpov\u011b\u010f, pi\u0161te, volejte. T\u011b\u0161\u00edm se na spolupr\u00e1ci!<\/p>\n<p>SEZNAM DOPORU\u010cEN\u00ddCH VETERIN\u00c1RN\u00cdCH L\u00c9KA\u0158\u016e, kte\u0159\u00ed provedou vy\u0161et\u0159en\u00ed za \u00fa\u010delem prodeje v odpov\u00eddaj\u00edc\u00ed kvalit\u011b a rozsahu:<\/p>\n<p>MVDr. Ilian Pt\u00e1k \u2013 Praha a st\u0159edn\u00ed \u010cechy + ostatn\u00ed dle dohody<br \/>\nMVDr. Jaroslav Sk\u00e1la \u2013 \u00a0st\u0159edn\u00ed \u010cechy + ostatn\u00ed dle dohody<br \/>\nMVDr. Emanuel Krejcar \u2013 ji\u017en\u00ed \u010cechy<br \/>\nMVDr. Lubo\u0161 Kucharovi\u010d \u2013 Vyso\u010dina<br \/>\nMVDr. Petr P\u0159ikryl \u2013 ji\u017en\u00ed Morava<br \/>\nMVDr. Libor Hla\u010d\u00edk \u2013 Morava, Severn\u00ed Morava<br \/>\nMVDr. Phillip Genn \u2013 St\u0159edn\u00ed \u010cechy, ji\u017en\u00ed \u010cechy, ji\u017en\u00ed Morava<\/p>\n<p>MVDr. Peter Sedl\u00e1\u010dek \u2013 St\u0159edn\u00ed \u010cechy + dle dohody<\/p>\n<p>MVDr. So\u0148a Va\u0148kov\u00e1 \u2013 St\u0159edn\u00ed \u010cechy<\/p>\n<p>MVDr. Martin Br\u00e1t \u2013 St\u0159edn\u00ed a v\u00fdchodn\u00ed \u010cechy<\/p>\n<p>MVDr. Marek Mech \u2013 Severn\u00ed Morava<\/p>\n","protected":false},"excerpt":{"rendered":"<p>Hled\u00e1te kon\u011b?<br \/>\nPravd\u011bpodobn\u011b jste, stejn\u011b jako j\u00e1 p\u0159ed lety, hodiny a hodiny listovali internetovou inzerc\u00ed a str\u00e1vili stovky kilometr\u016f na &#8230;<\/p>\n","protected":false},"author":2,"featured_media":0,"parent":0,"menu_order":0,"comment_status":"open","ping_status":"open","template":"page-templates\/template-aboutme.php","meta":{"_acf_changed":false,"footnotes":""},"class_list":["post-498","page","type-page","status-publish","hentry"],"acf":[],"yoast_head":"<!-- This site is optimized with the Yoast SEO plugin v27.1.1 - https:\/\/yoast.com\/product\/yoast-seo-wordpress\/ -->\n<title>O n\u00e1s - Verkaufspferde.cz<\/title>\n<meta name=\"description\" content=\"Kon\u011b na prodej - parkur, drezura v\u0161estrannost. \u2028Prodej kon\u00ed s prov\u011b\u0159enou histori\u00ed a zdravotn\u00edm stavem.Pro amat\u00e9ry, juniory i ambici\u00f3zn\u00ed profesion\u00e1ly.\" \/>\n<meta name=\"robots\" content=\"index, follow, max-snippet:-1, max-image-preview:large, max-video-preview:-1\" \/>\n<link rel=\"canonical\" href=\"https:\/\/www.verkaufspferde.cz\/cs\/o-nas\/\" \/>\n<meta property=\"og:locale\" content=\"cs_CZ\" \/>\n<meta property=\"og:type\" content=\"article\" \/>\n<meta property=\"og:title\" content=\"O n\u00e1s - Verkaufspferde.cz\" \/>\n<meta property=\"og:description\" content=\"Kon\u011b na prodej - parkur, drezura v\u0161estrannost. \u2028Prodej kon\u00ed s prov\u011b\u0159enou histori\u00ed a zdravotn\u00edm stavem.Pro amat\u00e9ry, juniory i ambici\u00f3zn\u00ed profesion\u00e1ly.\" \/>\n<meta property=\"og:url\" content=\"https:\/\/www.verkaufspferde.cz\/cs\/o-nas\/\" \/>\n<meta property=\"og:site_name\" content=\"Verkaufspferde.cz\" \/>\n<meta property=\"article:modified_time\" content=\"2023-12-28T12:36:07+00:00\" \/>\n<meta property=\"og:image\" content=\"https:\/\/mlg9yjndidub.i.optimole.com\/cb:90lg.1e5\/w:auto\/h:auto\/q:mauto\/f:best\/https:\/\/www.verkaufspferde.cz\/wp-content\/uploads\/2023\/12\/horse-with-logos1-1-scaled.jpg\" \/>\n\t<meta property=\"og:image:width\" content=\"2560\" \/>\n\t<meta property=\"og:image:height\" content=\"1957\" \/>\n\t<meta property=\"og:image:type\" content=\"image\/jpeg\" \/>\n<meta name=\"twitter:card\" content=\"summary_large_image\" \/>\n<meta name=\"twitter:label1\" content=\"Odhadovan\u00e1 doba \u010dten\u00ed\" \/>\n\t<meta name=\"twitter:data1\" content=\"5 minut\" \/>\n<script type=\"application\/ld+json\" class=\"yoast-schema-graph\">{\"@context\":\"https:\/\/schema.org\",\"@graph\":[{\"@type\":\"WebPage\",\"@id\":\"https:\/\/www.verkaufspferde.cz\/cs\/o-nas\/\",\"url\":\"https:\/\/www.verkaufspferde.cz\/cs\/o-nas\/\",\"name\":\"O n\u00e1s - Verkaufspferde.cz\",\"isPartOf\":{\"@id\":\"https:\/\/www.verkaufspferde.cz\/cs\/#website\"},\"datePublished\":\"2012-12-06T16:31:10+00:00\",\"dateModified\":\"2023-12-28T12:36:07+00:00\",\"description\":\"Kon\u011b na prodej - parkur, drezura v\u0161estrannost. \\u2028Prodej kon\u00ed s prov\u011b\u0159enou histori\u00ed a zdravotn\u00edm stavem.Pro amat\u00e9ry, juniory i ambici\u00f3zn\u00ed profesion\u00e1ly.\",\"breadcrumb\":{\"@id\":\"https:\/\/www.verkaufspferde.cz\/cs\/o-nas\/#breadcrumb\"},\"inLanguage\":\"cs\",\"potentialAction\":[{\"@type\":\"ReadAction\",\"target\":[\"https:\/\/www.verkaufspferde.cz\/cs\/o-nas\/\"]}]},{\"@type\":\"BreadcrumbList\",\"@id\":\"https:\/\/www.verkaufspferde.cz\/cs\/o-nas\/#breadcrumb\",\"itemListElement\":[{\"@type\":\"ListItem\",\"position\":1,\"name\":\"Home\",\"item\":\"https:\/\/www.verkaufspferde.cz\/cs\/\"},{\"@type\":\"ListItem\",\"position\":2,\"name\":\"O n\u00e1s\"}]},{\"@type\":\"WebSite\",\"@id\":\"https:\/\/www.verkaufspferde.cz\/cs\/#website\",\"url\":\"https:\/\/www.verkaufspferde.cz\/cs\/\",\"name\":\"Verkaufspferde.cz\",\"description\":\"Tereza Bezrouk\",\"potentialAction\":[{\"@type\":\"SearchAction\",\"target\":{\"@type\":\"EntryPoint\",\"urlTemplate\":\"https:\/\/www.verkaufspferde.cz\/cs\/?s={search_term_string}\"},\"query-input\":{\"@type\":\"PropertyValueSpecification\",\"valueRequired\":true,\"valueName\":\"search_term_string\"}}],\"inLanguage\":\"cs\"}]}<\/script>\n<!-- \/ Yoast SEO plugin. -->","yoast_head_json":{"title":"O n\u00e1s - Verkaufspferde.cz","description":"Kon\u011b na prodej - parkur, drezura v\u0161estrannost. \u2028Prodej kon\u00ed s prov\u011b\u0159enou histori\u00ed a zdravotn\u00edm stavem.Pro amat\u00e9ry, juniory i ambici\u00f3zn\u00ed profesion\u00e1ly.","robots":{"index":"index","follow":"follow","max-snippet":"max-snippet:-1","max-image-preview":"max-image-preview:large","max-video-preview":"max-video-preview:-1"},"canonical":"https:\/\/www.verkaufspferde.cz\/cs\/o-nas\/","og_locale":"cs_CZ","og_type":"article","og_title":"O n\u00e1s - Verkaufspferde.cz","og_description":"Kon\u011b na prodej - parkur, drezura v\u0161estrannost. \u2028Prodej kon\u00ed s prov\u011b\u0159enou histori\u00ed a zdravotn\u00edm stavem.Pro amat\u00e9ry, juniory i ambici\u00f3zn\u00ed profesion\u00e1ly.","og_url":"https:\/\/www.verkaufspferde.cz\/cs\/o-nas\/","og_site_name":"Verkaufspferde.cz","article_modified_time":"2023-12-28T12:36:07+00:00","og_image":[{"width":2560,"height":1957,"url":"https:\/\/mlg9yjndidub.i.optimole.com\/cb:90lg.1e5\/w:auto\/h:auto\/q:mauto\/f:best\/https:\/\/www.verkaufspferde.cz\/wp-content\/uploads\/2023\/12\/horse-with-logos1-1-scaled.jpg","type":"image\/jpeg"}],"twitter_card":"summary_large_image","twitter_misc":{"Odhadovan\u00e1 doba \u010dten\u00ed":"5 minut"},"schema":{"@context":"https:\/\/schema.org","@graph":[{"@type":"WebPage","@id":"https:\/\/www.verkaufspferde.cz\/cs\/o-nas\/","url":"https:\/\/www.verkaufspferde.cz\/cs\/o-nas\/","name":"O n\u00e1s - Verkaufspferde.cz","isPartOf":{"@id":"https:\/\/www.verkaufspferde.cz\/cs\/#website"},"datePublished":"2012-12-06T16:31:10+00:00","dateModified":"2023-12-28T12:36:07+00:00","description":"Kon\u011b na prodej - parkur, drezura v\u0161estrannost. \u2028Prodej kon\u00ed s prov\u011b\u0159enou histori\u00ed a zdravotn\u00edm stavem.Pro amat\u00e9ry, juniory i ambici\u00f3zn\u00ed profesion\u00e1ly.","breadcrumb":{"@id":"https:\/\/www.verkaufspferde.cz\/cs\/o-nas\/#breadcrumb"},"inLanguage":"cs","potentialAction":[{"@type":"ReadAction","target":["https:\/\/www.verkaufspferde.cz\/cs\/o-nas\/"]}]},{"@type":"BreadcrumbList","@id":"https:\/\/www.verkaufspferde.cz\/cs\/o-nas\/#breadcrumb","itemListElement":[{"@type":"ListItem","position":1,"name":"Home","item":"https:\/\/www.verkaufspferde.cz\/cs\/"},{"@type":"ListItem","position":2,"name":"O n\u00e1s"}]},{"@type":"WebSite","@id":"https:\/\/www.verkaufspferde.cz\/cs\/#website","url":"https:\/\/www.verkaufspferde.cz\/cs\/","name":"Verkaufspferde.cz","description":"Tereza Bezrouk","potentialAction":[{"@type":"SearchAction","target":{"@type":"EntryPoint","urlTemplate":"https:\/\/www.verkaufspferde.cz\/cs\/?s={search_term_string}"},"query-input":{"@type":"PropertyValueSpecification","valueRequired":true,"valueName":"search_term_string"}}],"inLanguage":"cs"}]}},"_links":{"self":[{"href":"https:\/\/www.verkaufspferde.cz\/cs\/wp-json\/wp\/v2\/pages\/498","targetHints":{"allow":["GET"]}}],"collection":[{"href":"https:\/\/www.verkaufspferde.cz\/cs\/wp-json\/wp\/v2\/pages"}],"about":[{"href":"https:\/\/www.verkaufspferde.cz\/cs\/wp-json\/wp\/v2\/types\/page"}],"author":[{"embeddable":true,"href":"https:\/\/www.verkaufspferde.cz\/cs\/wp-json\/wp\/v2\/users\/2"}],"replies":[{"embeddable":true,"href":"https:\/\/www.verkaufspferde.cz\/cs\/wp-json\/wp\/v2\/comments?post=498"}],"version-history":[{"count":21,"href":"https:\/\/www.verkaufspferde.cz\/cs\/wp-json\/wp\/v2\/pages\/498\/revisions"}],"predecessor-version":[{"id":15999,"href":"https:\/\/www.verkaufspferde.cz\/cs\/wp-json\/wp\/v2\/pages\/498\/revisions\/15999"}],"wp:attachment":[{"href":"https:\/\/www.verkaufspferde.cz\/cs\/wp-json\/wp\/v2\/media?parent=498"}],"curies":[{"name":"wp","href":"https:\/\/api.w.org\/{rel}","templated":true}]}}